{"id":12365,"date":"2026-02-23T23:55:21","date_gmt":"2026-02-24T02:55:21","guid":{"rendered":"https:\/\/fidafederation.org\/es\/?page_id=12365"},"modified":"2026-02-24T01:23:43","modified_gmt":"2026-02-24T04:23:43","slug":"fida-comite-ejecutivo-2024-2027","status":"publish","type":"page","link":"https:\/\/fidafederation.org\/es\/fida-comite-ejecutivo-2024-2027\/","title":{"rendered":"FIDA &#8211; Consejo Ejecutivo de FIDA 2024-2027"},"content":{"rendered":"<div class=\"wpb-content-wrapper\"><p>[vc_row][vc_column][vc_column_text]<p>[\/vc_column_text][\/vc_column][\/vc_row][vc_row][vc_column][vc_custom_heading text=&#8221;FIDA Comite Ejecutivo 2024-2027&#8243; font_container=&#8221;tag:h2|font_size:42|text_align:center|line_height:1.1&#8243; google_fonts=&#8221;font_family:Raleway%3A100%2C200%2C300%2Cregular%2C500%2C600%2C700%2C800%2C900|font_style:400%20regular%3A400%3Anormal&#8221; css=&#8221;&#8221;][vc_column_text css=&#8221;&#8221;]<\/p>\n<h5>El actual Comit\u00e9 de la FIDA est\u00e1 compuesto por abogados cuyas distinguidas carreras se han dedicado al avance de los derechos de las mujeres y los ni\u00f1os. Su liderazgo no se limita a interpretar la ley, sino que la eleva a un instrumento vivo de equidad, dignidad y justicia sustantiva.<\/h5>\n<p>[\/vc_column_text][vc_empty_space][vc_single_image image=&#8221;12332&#8243; onclick=&#8221;custom_link&#8221; css=&#8221;&#8221; link=&#8221;https:\/\/fidafederation.org\/es\/fida-comite-ejecutivo-2024-2027\/&#8221;][vc_custom_heading text=&#8221;Ezinwa Nwanyeze Okoroafor<br \/>Presidenta \u2014 Nigeria&#8221; font_container=&#8221;tag:h3|font_size:26|text_align:left|line_height:1.1&#8243; google_fonts=&#8221;font_family:Raleway%3A100%2C200%2C300%2Cregular%2C500%2C600%2C700%2C800%2C900|font_style:400%20regular%3A400%3Anormal&#8221; css=&#8221;&#8221;][vc_column_text css=&#8221;&#8221;]<\/p>\n<p>Ezinwa Okoroafor es una comprometida defensora de los derechos de g\u00e9nero, el empoderamiento de las mujeres, el desarrollo sostenible y la buena gobernanza, es miembro vitalicio y presidenta mundial de la Federaci\u00f3n Internacional de Mujeres Abogadas (FIDA). Ha prestado servicios a la FIDA en diversas ocasiones a nivel nacional, regional y mundial, y es presidenta del Consejo Asesor del Fondo Fiduciario para las Mujeres de Nigeria y patrocinadora vitalicia de la Sociedad de Mujeres en la Fiscalidad.<\/p>\n<p>Es abogada con una amplia experiencia multisectorial en gobernanza, pol\u00edticas p\u00fablicas y liderazgo institucional, y actualmente ocupa el cargo de asesora jur\u00eddica y secretaria de la Autoridad de Inversi\u00f3n Soberana de Nigeria (NSIA), el fondo soberano de Nigeria.<\/p>\n<p>Inscrita en el Colegio de Abogados de Nigeria desde 1986, ha desempe\u00f1ado diversas funciones en la Asociaci\u00f3n de Abogados de Nigeria, entre ellas la de miembro fundador del Consejo de su Foro de Mujeres. Es miembro del Instituto de Mediadores y Conciliadores Colegiados (Nigeria). Tambi\u00e9n es miembro de la Asociaci\u00f3n Internacional de Abogados, del Instituto Colegiado de \u00c1rbitros (Reino Unido), sucursal de Nigeria, y del Instituto Colegiado de Directores (Reino Unido y Nigeria). Adem\u00e1s, es miembro asociado del Instituto de Secretarios y Administradores Colegiados de Nigeria y miembro del consejo del Instituto Colegiado de Fiscalidad de Nigeria.<\/p>\n<p>Ezinwa es actualmente miembro del Consejo Asesor Econ\u00f3mico Global del Estado de Abia (Nigeria) y fue delegada en la Conferencia Nacional de Nigeria de 2014. Sus contribuciones le han valido varios reconocimientos en su lo<\/p>\n<p>[\/vc_column_text][\/vc_column][\/vc_row][vc_row][vc_column][vc_empty_space][vc_single_image image=&#8221;11841&#8243; onclick=&#8221;custom_link&#8221; css=&#8221;&#8221; link=&#8221;https:\/\/fidafederation.org\/es\/fida-comite-ejecutivo-2024-2027\/&#8221;][vc_custom_heading text=&#8221;Laura Nyirinkindi<br \/>Primera Vicepresidenta \u2014 Uganda&#8221; font_container=&#8221;tag:h3|font_size:26|text_align:left|line_height:1.1&#8243; google_fonts=&#8221;font_family:Raleway%3A100%2C200%2C300%2Cregular%2C500%2C600%2C700%2C800%2C900|font_style:400%20regular%3A400%3Anormal&#8221; css=&#8221;&#8221;][vc_column_text css=&#8221;&#8221;]<\/p>\n<p>Laura Nyirinkindi es especialista en g\u00e9nero, gobernanza y estado de derecho. Cuenta con m\u00e1s de 23 a\u00f1os de experiencia prestando servicios t\u00e9cnicos con perspectiva de g\u00e9nero a diversas instituciones, entre ellas gobiernos africanos, la sociedad civil y el sector privado. Ha trabajado como consultora en planificaci\u00f3n estrat\u00e9gica, formaci\u00f3n, evaluaci\u00f3n, investigaci\u00f3n, desarrollo organizativo y creaci\u00f3n de capacidad institucional. Laura ha trabajado en 35 pa\u00edses de \u00c1frica, Asia, Europa y Am\u00e9rica, lo que le ha permitido adquirir experiencias comparativas y multiculturales. Ha colaborado con la Comisi\u00f3n de la Uni\u00f3n Africana, la Uni\u00f3n Europea, el Mecanismo Africano de Evaluaci\u00f3n por Pares, el Banco Mundial, UNICEF, ACNUR, OIT-OIM, ONU Mujeres, la Comisi\u00f3n Econ\u00f3mica de las Naciones Unidas para \u00c1frica, PNUD, SIDA, ACNUR y ONUSIDA.<\/p>\n<p>Laura es consultora s\u00e9nior en Pro Initiatives Agency, una empresa que fund\u00f3 en 1999. Actualmente es tambi\u00e9n presidenta del Grupo de Trabajo de las Naciones Unidas sobre la Discriminaci\u00f3n contra las Mujeres y las Ni\u00f1as del Consejo de Derechos Humanos.<\/p>\n<p>[\/vc_column_text][\/vc_column][\/vc_row][vc_row][vc_column][vc_empty_space][vc_single_image image=&#8221;11833&#8243; onclick=&#8221;custom_link&#8221; css=&#8221;&#8221; link=&#8221;https:\/\/fidafederation.org\/es\/fida-comite-ejecutivo-2024-2027\/&#8221;][vc_custom_heading text=&#8221;Charisse Brown<br \/>Secretaria\u2014 Bahamas&#8221; font_container=&#8221;tag:h3|font_size:26|text_align:left|line_height:1.1&#8243; google_fonts=&#8221;font_family:Raleway%3A100%2C200%2C300%2Cregular%2C500%2C600%2C700%2C800%2C900|font_style:400%20regular%3A400%3Anormal&#8221; css=&#8221;&#8221;][vc_column_text css=&#8221;&#8221;]<\/p>\n<p>Charisse Anita Brown es la primera mujer y la primera bahame\u00f1a en ocupar el cargo de directora ejecutiva de The Grand Bahama Development Company Limited, una empresa l\u00edder en el sector inmobiliario y de desarrollo con una cartera que supera las 70 000 acres en la isla de Gran Bahama.<br \/>La Sra. Brown es licenciada en Derecho con honores por la Universidad de East Anglia, Norwich, Inglaterra, y fue admitida en el Colegio de Abogados de las Bahamas como abogada y procuradora el 28 de febrero de 1992. Es miembro del Chartered Institute of Arbitrators (CIArb) y actualmente ocupa el cargo de presidenta de la sucursal del CIArb en las Bahamas.<br \/>Como comprometida defensora de la igualdad de g\u00e9nero, la Sra. Brown es secretaria de la Federaci\u00f3n Internacional de Abogadas (FIDA) y est\u00e1 profundamente comprometida con la promoci\u00f3n de la condici\u00f3n de las mujeres y las ni\u00f1as en la educaci\u00f3n, la vida c\u00edvica, la pol\u00edtica y las profesiones. Es directora de la secci\u00f3n de Gran Bahama de la FIDA, de la que anteriormente fue presidenta, y es antigua miembro del Consejo del Colegio de Abogados de las Bahamas.<br \/>M\u00e1s all\u00e1 de sus logros profesionales, la Sra. Brown est\u00e1 dedicada a su f\u00e9 y a su comunidad. Es miembro de toda la vida de la Primera Iglesia Bautista de Freeport, Bahamas, donde ejerce como l\u00edder servicial del Ministerio de la Iglesia Infantil.<br \/>Est\u00e1 casada con Alexander Brown y es la orgullosa madre de tres hijos: Quinn, Liam y Rhys.<br \/>Nacida en las Bahamas y arraigada en Gran Bahama, la Sra. Brown se dedica a fomentar el crecimiento econ\u00f3mico sostenible, preservando al mismo tiempo la belleza natural y la calidad de vida de la isla. Su liderazgo refleja una visi\u00f3n de desarrollo equilibrado que honra tanto el progreso como el patrimonio.<\/p>\n<p>[\/vc_column_text][\/vc_column][\/vc_row][vc_row][vc_column][vc_column_text]<\/p>\n[\/vc_column_text][\/vc_column][\/vc_row][vc_row][vc_column][vc_empty_space][vc_single_image image=&#8221;12335&#8243; onclick=&#8221;custom_link&#8221; css=&#8221;&#8221; link=&#8221;https:\/\/fidafederation.org\/es\/fida-comite-ejecutivo-2024-2027\/&#8221;][vc_custom_heading text=&#8221;Inimefien Ifeyinwa Aguma<br \/>Tesorera \u2014 Nigeria&#8221; font_container=&#8221;tag:h3|font_size:26|text_align:left|line_height:1.1&#8243; google_fonts=&#8221;font_family:Raleway%3A100%2C200%2C300%2Cregular%2C500%2C600%2C700%2C800%2C900|font_style:400%20regular%3A400%3Anormal&#8221; css=&#8221;&#8221;][vc_column_text css=&#8221;&#8221;]<\/p>\r\n<p>Inime Chinwenwo Aguma es abogada y socia principal de Aguma &amp; Co, Legal Practitioners, Emmanuel Chinwenwo Aguma SAN Chambers. Fue admitida en el Colegio de Abogados de Nigeria en 1990 y comenz\u00f3 su carrera jur\u00eddica tras completar su Servicio Nacional Juvenil en el Ministerio de Justicia del estado de Cross Rivers, en Calabar. Posteriormente, trabaj\u00f3 en S.J. Ofoluwa &amp; Co y m\u00e1s tarde se incorpor\u00f3 al Ministerio de Justicia del estado de Rivers como abogada del estado, donde prest\u00f3 servicios en los departamentos de Redacci\u00f3n Legislativa y Litigios Civiles y se jubil\u00f3 voluntariamente en 2007 como subdirectora.<\/p>\r\n<p>En julio de 2007, fue nombrada primera Comisionada de Bienestar Social y Rehabilitaci\u00f3n del Estado de Rivers, donde reforz\u00f3 el desarrollo institucional de los centros de detenci\u00f3n preventiva, los hogares infantiles, los servicios de rehabilitaci\u00f3n y la Escuela para Discapacitados. En octubre de 2007, volvi\u00f3 a la pr\u00e1ctica jur\u00eddica privada como abogada gerente en Aguma &amp; Co. En 2018, fue reelegida Comisionada para el Bienestar Social y la Rehabilitaci\u00f3n y prest\u00f3 servicio bajo sucesivas administraciones hasta su dimisi\u00f3n voluntaria en mayo de 2024.<\/p>\r\n<p>Inime Aguma es actualmente tesorera de la Federaci\u00f3n Internacional de Mujeres Abogadas (FIDA), donde contribuye a la misi\u00f3n global de la organizaci\u00f3n de promover la justicia y la protecci\u00f3n de las mujeres y los ni\u00f1os.<\/p>\r\n<p>[\/vc_column_text][\/vc_column][\/vc_row][vc_row][vc_column][vc_empty_space][vc_single_image image=&#8221;12361&#8243; onclick=&#8221;custom_link&#8221; css=&#8221;&#8221; link=&#8221;https:\/\/fidafederation.org\/es\/fida-comite-ejecutivo-2024-2027\/&#8221;][vc_custom_heading text=&#8221;Sheela Anish<br \/>Directora \u2014 India&#8221; font_container=&#8221;tag:h3|font_size:26|text_align:left|line_height:1.1&#8243; google_fonts=&#8221;font_family:Raleway%3A100%2C200%2C300%2Cregular%2C500%2C600%2C700%2C800%2C900|font_style:400%20regular%3A400%3Anormal&#8221; css=&#8221;&#8221;][vc_column_text css=&#8221;&#8221;]<\/p>\r\n<p>K. Sheela Anish, licenciada en Letras y Derecho, es una distinguida profesional del \u00e1mbito jur\u00eddico con 35 a\u00f1os de trayectoria en la fraternidad jur\u00eddica india. Ha ejercido activamente ante el Tribunal Supremo de la India, varios Tribunales Superiores y numerosos Tribunales Civiles, Penales y de Familia. Su amplia experiencia abarca litigios civiles y penales, asuntos laborales, pr\u00e1cticas de apelaci\u00f3n y jurisdicci\u00f3n de mandamientos judiciales, con reconocida experiencia en disputas sobre propiedad, asuntos matrimoniales y derecho constitucional. Muchos de sus casos han sido publicados en las principales revistas jur\u00eddicas estatales y nacionales.<br \/>Ha sido abogada de varias instituciones de renombre y ha desempe\u00f1ado funciones p\u00fablicas clave, entre ellas la de abogada del Gobierno estatal en el Tribunal Superior de Karnataka y asesora jur\u00eddica de la Autoridad de Servicios Jur\u00eddicos del Estado de Karnataka.<br \/>L\u00edder pionera, la Sra. Anish es la presidenta fundadora de la Federaci\u00f3n de Mujeres Abogadas del Estado de Karnataka y de la Federaci\u00f3n de Mujeres Abogadas de toda la India. Tambi\u00e9n ha sido vicepresidenta, directora y presidenta de la Federaci\u00f3n Internacional de Mujeres Abogadas (FIDA) y sigue siendo su directora.<br \/>Su compromiso nacional e internacional es muy amplio. Ha asistido y presentado ponencias en numerosas conferencias en Asia, Europa, \u00c1frica y Am\u00e9rica, incluyendo programas en Malasia, Italia, Nigeria, Londres, Brasil, Colombia y Camer\u00fan. Durante los \u00faltimos 15 a\u00f1os, ha participado regularmente en la Comisi\u00f3n de la Condici\u00f3n Jur\u00eddica y Social de la Mujer (CSW) de las Naciones Unidas.<br \/>La Sra. Anish ha organizado importantes conferencias nacionales e internacionales, entre ellas la Conferencia Internacional de Abogadas de Asia (Bangalore 2008, Kuwait 2023) y la Conferencia Mundial de Abogadas (Bangalore 2014). Ha recibido varios premios nacionales e internacionales en reconocimiento a sus contribuciones. Su compromiso nacional e internacional es muy amplio. Ha asistido y presentado ponencias en numerosas conferencias en Asia, Europa, \u00c1frica y Am\u00e9rica, incluidos programas en Malasia, Italia, Nigeria, Londres, Brasil, Colombia y Camer\u00fan. Durante los \u00faltimos 15 a\u00f1os, ha participado regularmente en la Comisi\u00f3n de la Condici\u00f3n Jur\u00eddica y Social de la Mujer (CSW) de las Naciones Unidas.<br \/>La Sra. Anish ha organizado importantes conferencias nacionales e internacionales, entre ellas la Conferencia Internacional de Abogadas de Asia (Bangalore 2008, Kuwait 2023) y la Conferencia Mundial de Abogadas (Bangalore 2014). Ha recibido varios premios nacionales e internacionales en reconocimiento a sus contribuciones al derecho y al liderazgo de las mujeres.<\/p>\r\n<p>[\/vc_column_text][\/vc_column][\/vc_row][vc_row][vc_column][vc_empty_space][vc_single_image image=&#8221;12336&#8243; onclick=&#8221;custom_link&#8221; css=&#8221;&#8221; link=&#8221;https:\/\/fidafederation.org\/es\/fida-comite-ejecutivo-2024-2027\/&#8221;][vc_custom_heading text=&#8221;Gladys Mbuyah<br \/>Directora \u2014 Cameroon&#8221; font_container=&#8221;tag:h3|font_size:26|text_align:left|line_height:1.1&#8243; google_fonts=&#8221;font_family:Raleway%3A100%2C200%2C300%2Cregular%2C500%2C600%2C700%2C800%2C900|font_style:400%20regular%3A400%3Anormal&#8221; css=&#8221;&#8221;][vc_column_text css=&#8221;&#8221;]<\/p>\r\n<p>Gladys es una abogada galardonada y pro bono que ha asesorado a muchas mujeres y hombres en toda \u00c1frica. Es abogada especializada en derecho digital y de inter\u00e9s p\u00fablico. Ha liderado reuniones de presi\u00f3n para la reforma legislativa en el \u00e1mbito de la violencia de g\u00e9nero en varios ministerios relevantes y en la Asamblea Nacional. Ha organizado y facilitado numerosos talleres de capacitaci\u00f3n para abogados, magistrados, agentes de polic\u00eda, l\u00edderes tradicionales y comunitarios, l\u00edderes de organizaciones de la sociedad civil y mujeres de base sobre los derechos de la mujer y el litigio estrat\u00e9gico. Gladys es cofundadora del Movimiento de Mujeres por la Paz de Camer\u00fan (CAWOPEM). En colaboraci\u00f3n con REDHAC, ha facilitado numerosos di\u00e1logos intercomunitarios para la paz y ha creado clubes de paz en las diez regiones de Camer\u00fan. Ha recibido numerosas distinciones por su labor en la promoci\u00f3n de los derechos de la mujer y la defensa de los derechos humanos. Ha sido nombrada una de las 50 mujeres inspiradoras en el \u00e1mbito jur\u00eddico por el Instituto Africano de Mujeres Juristas en su publicaci\u00f3n anual de 2023.<\/p>\r\n<p>[\/vc_column_text][\/vc_column][\/vc_row][vc_row][vc_column][vc_empty_space][vc_single_image image=&#8221;12373&#8243; onclick=&#8221;custom_link&#8221; css=&#8221;&#8221; link=&#8221;https:\/\/fidafederation.org\/es\/fida-comite-ejecutivo-2024-2027\/&#8221;][vc_custom_heading text=&#8221;Hsiu-Fon Chen<br \/>Directora \u2014 Taiwan&#8221; font_container=&#8221;tag:h3|font_size:26|text_align:left|line_height:1.1&#8243; google_fonts=&#8221;font_family:Raleway%3A100%2C200%2C300%2Cregular%2C500%2C600%2C700%2C800%2C900|font_style:400%20regular%3A400%3Anormal&#8221; css=&#8221;&#8221;][\/vc_column][\/vc_row][vc_row][vc_column][vc_column_text css=&#8221;&#8221;]<!-- \/wp:post-content --><\/p>\r\n<p>Miembro del consejo de\u00a0 FIDA Taiw\u00e1n, fundada en 1990. FIDA Taiw\u00e1n cuenta con un Comit\u00e9 Jur\u00eddico, un Comit\u00e9 de Servicios, un Comit\u00e9 de Enlace y un Comit\u00e9 Editorial para debatir leyes y reglamentos importantes de inter\u00e9s p\u00fablico. Tambi\u00e9n organiza de forma voluntaria conferencias de divulgaci\u00f3n de conocimientos jur\u00eddicos, reuniones de miembros, ventas ben\u00e9ficas y publican boletines informativos sobre las actividades de los miembros. En 2025 se public\u00f3 una conmemorativa del 35\u00ba aniversario. A nivel internacional, ha sido vicepresidenta regional y actualmente ocupa el cargo de directora internacional.<\/p>\r\n<p>[\/vc_column_text][\/vc_column][\/vc_row][vc_row][vc_column][vc_empty_space][vc_single_image image=&#8221;12340&#8243; onclick=&#8221;custom_link&#8221; css=&#8221;&#8221; link=&#8221;https:\/\/fidafederation.org\/es\/fida-comite-ejecutivo-2024-2027\/&#8221;][vc_custom_heading text=&#8221;HRH Olori Olufunmi Ajibola-Oluyede<br \/>Directora \u2014 U. S. A.&#8221; font_container=&#8221;tag:h3|font_size:26|text_align:left|line_height:1.1&#8243; google_fonts=&#8221;font_family:Raleway%3A100%2C200%2C300%2Cregular%2C500%2C600%2C700%2C800%2C900|font_style:400%20regular%3A400%3Anormal&#8221; css=&#8221;&#8221;][vc_column_text css=&#8221;&#8221;]<\/p>\r\n<p>Olori Olufunmi Oluyede (cuya formaci\u00f3n y educaci\u00f3n temprana tuvieron lugar en Londres, Reino Unido) es miembro del distinguido Honorable Body of Benchers (el m\u00e1ximo \u00f3rgano regulador de la profesi\u00f3n jur\u00eddica) de Nigeria.<\/p>\r\n<p>Abogada mercantil transnacional de gran prestigio, es una de las socias pioneras y fundadoras de TRLPLAW Solicitors &amp; Advocates (un prestigioso bufete internacional de abogados mercantiles), donde aporta m\u00e1s de 36 a\u00f1os de conocimientos y experiencia jur\u00eddica en una amplia gama de sectores a la clientela m\u00e1s destacada del bufete a nivel mundial.<\/p>\r\n<p>Apasionada activista por los derechos de la mujer y los derechos humanos, y prol\u00edfica y erudita oradora, Olufunmi participa regularmente en conferencias mundiales y organiza cada temporada conferencias internacionales muy aclamadas en las Naciones Unidas y a nivel internacional, en colaboraci\u00f3n con su red universal de organizaciones humanitarias, que incluye la Asociaci\u00f3n Internacional de Abogados, la Secci\u00f3n de Derecho Internacional de la Asociaci\u00f3n Americana de Abogados, la Asociaci\u00f3n Africana de Mujeres Abogadas, la Alianza Internacional de Mujeres con sede en Ginebra, entre otras.<\/p>\r\n<p>Olori Olufunmi, miembro vitalicio de FIDA, tambi\u00e9n es expresidenta de FIDA (Nigeria) Lagos; actual miembro del Consejo Ejecutivo Nacional de FIDA Nigeria; expresidenta del Consejo Editorial de FIDA Internacional, exvicepresidenta nacional\/regional de FIDA EE. UU. y, en la actualidad, vicepresidenta regional de FIDA Internacional para Norteam\u00e9rica.<\/p>\r\n<p>&nbsp;<\/p>\r\n<p>&nbsp;<\/p>\r\n<p>[\/vc_column_text][\/vc_column][\/vc_row][vc_row][vc_column][vc_empty_space][vc_single_image image=&#8221;11771&#8243; onclick=&#8221;custom_link&#8221; css=&#8221;&#8221; link=&#8221;https:\/\/fidafederation.org\/es\/fida-comite-ejecutivo-2024-2027\/&#8221;][vc_custom_heading text=&#8221;Silvana Vanadia<br \/>Directora \u2014 Italy&#8221; font_container=&#8221;tag:h3|font_size:26|text_align:left|line_height:1.1&#8243; google_fonts=&#8221;font_family:Raleway%3A100%2C200%2C300%2Cregular%2C500%2C600%2C700%2C800%2C900|font_style:400%20regular%3A400%3Anormal&#8221; css=&#8221;&#8221;][vc_column_text css=&#8221;&#8221;]<\/p>\r\n<p>Silvana Vanadia Nacida en Mil\u00e1n, Italia, en 1962, vive en Mil\u00e1n. Casada y con tres hijos. Se licenci\u00f3 en Derecho por la Universidad de Mil\u00e1n el 11 de julio de 1985 con matr\u00edcula de honor. Ha sido jefa de la oficina jur\u00eddica de la \u00abAutoridad Reguladora Italiana de la Energ\u00eda, las Redes y el Medio Ambiente\u00bb, donde ha llevado a cabo actividades de regulaci\u00f3n y supervisi\u00f3n en los sectores de la electricidad, el gas natural, los servicios de agua, el ciclo de residuos y la calefacci\u00f3n urbana. Actualmente es fiscal del Estado en la Fiscal\u00eda del Estado de Mil\u00e1n, donde representa al Gobierno italiano en cientos de procedimientos p\u00fablicos, civiles y penales. Como fiscal del Estado, tambi\u00e9n es responsable de la formaci\u00f3n y preparaci\u00f3n de j\u00f3venes abogados en ejercicio. Tambi\u00e9n es profesora de Derecho P\u00fablico en la \u00abUniversit\u00e0 degli Studi di Milano\u00bb. Funciones anteriores: Nombrada en mayo de 1987 fiscal del Estado en la oficina de Mil\u00e1n. Nombrada en diciembre de 1987 Jueza del Tribunal de Mil\u00e1n. Nombrada en febrero de 1988 hasta 1996 Jueza de la Comisi\u00f3n Fiscal de Segundo Grado en Mil\u00e1n. En 1989 public\u00f3 un c\u00f3digo de derecho administrativo y un c\u00f3digo de derecho de expropiaci\u00f3n. Actualmente es directora de la FIDA (Federaci\u00f3n Internacional de Abogadas). Ha sido vicepresidenta internacional de la FIDA (Federaci\u00f3n Internacional de Abogadas) (de 2017 a 2020), exdirectora y actualmente directora.<\/p>\r\n<p>[\/vc_column_text][\/vc_column][\/vc_row][vc_row][vc_column][vc_empty_space][vc_single_image image=&#8221;12341&#8243; onclick=&#8221;custom_link&#8221; css=&#8221;&#8221; link=&#8221;https:\/\/fidafederation.org\/es\/fida-comite-ejecutivo-2024-2027\/&#8221;][vc_custom_heading text=&#8221;Carolina R\u00edos Villota<br \/>Parlamentaria \u2014 Colombia&#8221; font_container=&#8221;tag:h3|font_size:26|text_align:left|line_height:1.1&#8243; google_fonts=&#8221;font_family:Raleway%3A100%2C200%2C300%2Cregular%2C500%2C600%2C700%2C800%2C900|font_style:400%20regular%3A400%3Anormal&#8221; css=&#8221;&#8221;][vc_column_text css=&#8221;&#8221;]<\/p>\r\n<p>Carolina R\u00edos Villota es graduada de la Universidad Santiago de Cali, donde obtuvo su t\u00edtulo de Abogada y se especializ\u00f3 en Derecho Constitucional. Posteriormente, complet\u00f3 una Maestr\u00eda en Derecho P\u00fablico y Contractual en la Universidad Santo Tom\u00e1s de Bogot\u00e1.<\/p>\r\n<p>Se desempe\u00f1\u00f3 como Presidenta de la Federaci\u00f3n Internacional de Mujeres Abogadas (FIDA) para el per\u00edodo 2021-2024. Su liderazgo dentro de la Federaci\u00f3n es motivo de orgullo debido al importante impacto que\u00a0 FIDA tiene en la vida de las mujeres y las ni\u00f1as de todo el mundo. Actualmente es parlamentaria de FIDA Internacional.<\/p>\r\n<p>Paralelamente, Carolina trabaja como asesora jur\u00eddica en el sector privado, colaborando con empresas de la industria alimentaria, concesionarios de autom\u00f3viles y servicios de recursos humanos. Sus responsabilidades profesionales incluyen aspectos jur\u00eddicos relacionados con los recursos humanos, la prevenci\u00f3n del blanqueo de capitales, la gesti\u00f3n de recursos humanos y la protecci\u00f3n de datos personales.<\/p>\r\n<p>Adem\u00e1s, Carolina es miembro activo de la Comunidad Cat\u00f3lica Cristo Resucitado de Santiago de Cali, donde brinda apoyo legal a los m\u00e1s necesitados. Tambi\u00e9n es miembro del club de triatl\u00f3n TRICALI desde 2014, participando en carreras de larga distancia.<\/p>\r\n<p>[\/vc_column_text][\/vc_column][\/vc_row][vc_row][vc_column][vc_empty_space][vc_single_image image=&#8221;12343&#8243; onclick=&#8221;custom_link&#8221; css=&#8221;&#8221; link=&#8221;https:\/\/fidafederation.org\/es\/fida-comite-ejecutivo-2024-2027\/&#8221;][vc_custom_heading text=&#8221;Joy Chidinma Ejim<br \/>Historiadora \u2014 Nigeria&#8221; font_container=&#8221;tag:h3|font_size:26|text_align:left|line_height:1.1&#8243; google_fonts=&#8221;font_family:Raleway%3A100%2C200%2C300%2Cregular%2C500%2C600%2C700%2C800%2C900|font_style:400%20regular%3A400%3Anormal&#8221; css=&#8221;&#8221;][vc_column_text css=&#8221;&#8221;]<\/p>\r\n<p>Joy Chidinma Ejim (antes Ezeigbo), LL.M, es historiadora de la Federaci\u00f3n Internacional de Mujeres Abogadas (FIDA) y una distinguida profesional del derecho nigeriana con amplia experiencia en la defensa de los derechos de la mujer y el liderazgo organizativo.<\/p>\r\n<p>Es miembro del Instituto de Mediadores y Conciliadores Colegiados de Nigeria y anteriormente ocup\u00f3 el cargo de vicepresidenta regional de FIDA para \u00c1frica (Norte y Oeste) entre 2021 y 2024, as\u00ed como el de vicepresidenta nacional de la FIDA Nigeria entre 2012 y 2015. A lo largo de su carrera, ha desempe\u00f1ado m\u00faltiples funciones de liderazgo y ejecutivas dentro de\u00a0 FIDA Nigeria, contribuyendo de manera significativa al crecimiento y la direcci\u00f3n estrat\u00e9gica de la organizaci\u00f3n.<\/p>\r\n<p>Joy Chidinma Ejim es una apasionada defensora de la promoci\u00f3n, protecci\u00f3n y preservaci\u00f3n de los derechos de las mujeres, los ni\u00f1os y los miembros indigentes de la sociedad. Su trabajo refleja un compromiso sostenido con la justicia de g\u00e9nero, el acceso a la justicia y el empoderamiento legal.<\/p>\r\n<p>Es socia de Maritime &amp; Commercial Law Partners y cofundadora de TTB Partnership, una firma de consultor\u00eda jur\u00eddica y empresarial, donde ocupa el cargo de jefa de la secci\u00f3n comercial y mar\u00edtima, especializada en derecho comercial y mar\u00edtimo.<\/p>\r\n<p>A trav\u00e9s de su pr\u00e1ctica jur\u00eddica y su liderazgo dentro de FIDA, Joy sigue promoviendo marcos jur\u00eddicos equitativos y reforzando las respuestas institucionales a las necesidades de las poblaciones vulnerables.<\/p>\r\n<p>[\/vc_column_text][\/vc_column][\/vc_row][vc_row][vc_column][vc_empty_space][vc_single_image image=&#8221;11843&#8243; onclick=&#8221;custom_link&#8221; css=&#8221;&#8221; link=&#8221;https:\/\/fidafederation.org\/es\/fida-comite-ejecutivo-2024-2027\/&#8221;][vc_custom_heading text=&#8221;Hadassah Swain<br \/>Representante ONU \u2014 Bahamas&#8221; font_container=&#8221;tag:h3|font_size:26|text_align:left|line_height:1.1&#8243; google_fonts=&#8221;font_family:Raleway%3A100%2C200%2C300%2Cregular%2C500%2C600%2C700%2C800%2C900|font_style:400%20regular%3A400%3Anormal&#8221; css=&#8221;&#8221;][vc_column_text css=&#8221;&#8221;]<\/p>\r\n<p>Hadassah Swain es la representante ante las Naciones Unidas de la Federaci\u00f3n Internacional de Mujeres Abogadas (FIDA) y est\u00e1 afiliada a la secci\u00f3n de las Bahamas. Es abogada y actualmente ocupa el cargo de asesora jur\u00eddica interna s\u00e9nior, responsable de cumplimiento normativo y responsable de notificaci\u00f3n de blanqueo de capitales en The Grand Bahama Port Authority, Limited, donde forma parte del grupo de empresas portuarias desde 2005.<\/p>\r\n<p>Es licenciada por la Universidad de Londres y miembro de la Honorable Sociedad de Gray&#8217;s Inn. En 1997 fue admitida en el Colegio de Abogados de Inglaterra y Gales y de las Bahamas. En 1998, comenz\u00f3 su carrera jur\u00eddica en Nassau como fiscal penal en la Fiscal\u00eda General. M\u00e1s tarde se incorpor\u00f3 al bufete de abogados Callenders &amp; Co, donde sus \u00e1reas de pr\u00e1ctica inclu\u00edan litigios comerciales y civiles, lesiones personales, derecho de familia, derecho inmobiliario y derecho urban\u00edstico.<\/p>\r\n<p>Hadassah Swain es tesorera adjunta de la secci\u00f3n de Gran Bahama de la FIDA y representa a la FIDA Internacional ante las Naciones Unidas, contribuyendo a la defensa jur\u00eddica internacional y al di\u00e1logo pol\u00edtico sobre los derechos de la mujer y el acceso a la justicia.<\/p>\r\n<p>Tambi\u00e9n forma parte de la junta directiva del St. Paul&#8217;s Methodist College, su alma m\u00e1ter, donde apoya la gobernanza educativa y el desarrollo institucional.<\/p>\r\n<p>Hadassah est\u00e1 comprometida con el avance del empoderamiento jur\u00eddico, la integridad institucional y la justicia de g\u00e9nero tanto a nivel nacional como internacional.<\/p>\r\n<p>[\/vc_column_text][\/vc_column][\/vc_row][vc_row][vc_column][vc_empty_space][vc_single_image image=&#8221;12346&#8243; onclick=&#8221;custom_link&#8221; css=&#8221;&#8221; link=&#8221;https:\/\/fidafederation.org\/es\/fida-comite-ejecutivo-2024-2027\/&#8221;][vc_custom_heading text=&#8221;Jumanah Behbehani<br \/>Vicepresidenta Regional (Medio Oriente)<br \/>\u2014 Kuwait&#8221; font_container=&#8221;tag:h3|font_size:26|text_align:left|line_height:1.1&#8243; google_fonts=&#8221;font_family:Raleway%3A100%2C200%2C300%2Cregular%2C500%2C600%2C700%2C800%2C900|font_style:400%20regular%3A400%3Anormal&#8221; css=&#8221;&#8221;][vc_column_text css=&#8221;&#8221;]<\/p>\r\n<p>Jumanah Behbehani es la vicepresidenta regional para Oriente Medio de la Federaci\u00f3n Internacional de Mujeres Abogadas (FIDA) y tiene su sede en Kuwait. Es miembro honorario de la junta directiva y directora del Centro de Organizaciones Jur\u00eddicas Internacionales del Colegio de Abogados de Kuwait, as\u00ed como fundadora del bufete de abogados Jumanah Behbehani.<\/p>\r\n<p>Es experta en derecho de familia, civil y mercantil, con especial atenci\u00f3n a la defensa de la igualdad de g\u00e9nero y la tecnolog\u00eda jur\u00eddica. Jumanah es \u00e1rbitro registrada y participa activamente en organizaciones jur\u00eddicas internacionales, entre ellas la Asociaci\u00f3n Internacional de Abogados.<\/p>\r\n<p>Jumanah tambi\u00e9n ejerce como asesora del presidente de la Asociaci\u00f3n Internacional de Abogados y como representante nacional, contribuyendo al di\u00e1logo jur\u00eddico internacional y a la cooperaci\u00f3n institucional.<\/p>\r\n<p>Comprometida con la formaci\u00f3n de futuros profesionales del derecho, es una apasionada de la educaci\u00f3n jur\u00eddica y el desarrollo profesional. Jumanah habla varios idiomas con fluidez y tiene un gran inter\u00e9s por las actividades culturales y el buceo.<\/p>\r\n<p>[\/vc_column_text][\/vc_column][\/vc_row][vc_row][vc_column][vc_empty_space][vc_single_image image=&#8221;12348&#8243; onclick=&#8221;custom_link&#8221; css=&#8221;&#8221; link=&#8221;https:\/\/fidafederation.org\/es\/fida-comite-ejecutivo-2024-2027\/&#8221;][vc_custom_heading text=&#8221;Constance McDonald<br \/>Vicepresidenta Regional (Norte Am\u00e9rica y el Caribe) \u2014 Bahamas&#8221; font_container=&#8221;tag:h3|font_size:26|text_align:left|line_height:1.1&#8243; google_fonts=&#8221;font_family:Raleway%3A100%2C200%2C300%2Cregular%2C500%2C600%2C700%2C800%2C900|font_style:400%20regular%3A400%3Anormal&#8221; css=&#8221;&#8221;][vc_column_text css=&#8221;&#8221;]<\/p>\r\n<p>Constance Elrone McDonald, KC, es la vicepresidenta regional para Am\u00e9rica del Norte y el Caribe de la Federaci\u00f3n Internacional de Mujeres Abogadas (FIDA) y est\u00e1 afiliada a la secci\u00f3n de las Bahamas. Es una distinguida profesional del derecho con d\u00e9cadas de experiencia en el servicio p\u00fablico, la banca y la pr\u00e1ctica jur\u00eddica privada.<\/p>\r\n<p>Se gradu\u00f3 en la Universidad de las Indias Occidentales y en la Facultad de Derecho Norman Manley, y fue admitida en el Colegio de Abogados de las Bahamas en 1978. Su formaci\u00f3n profesional incluye Gesti\u00f3n Bancaria en el Instituto Irland\u00e9s de Gesti\u00f3n de Dubl\u00edn (1984) y Estudios Avanzados de Gesti\u00f3n en la Universidad de Miami (1986). Tambi\u00e9n ha completado certificaciones especializadas en Delitos Comerciales en la Universidad de Oxford y Formaci\u00f3n en Defensa en Inglaterra, as\u00ed como estudios en Teolog\u00eda y Educaci\u00f3n para el Ministerio.<\/p>\r\n<p>La Sra. McDonald comenz\u00f3 su carrera jur\u00eddica en la Fiscal\u00eda General y m\u00e1s tarde trabaj\u00f3 en el Banco de Desarrollo de las Bahamas y en la Autoridad Portuaria de Gran Bahama. En 1994, estableci\u00f3 su propio bufete de abogados. A lo largo de su carrera, ha ejercido como magistrada, jueza de tribunal y miembro de varias comisiones y juntas, incluida la Comisi\u00f3n de Servicios Judiciales y Jur\u00eddicos.<\/p>\r\n<p>Est\u00e1 comprometida con el avance de la justicia, la integridad jur\u00eddica y la excelencia profesional en la regi\u00f3n del Caribe.<\/p>\r\n<p>[\/vc_column_text][\/vc_column][\/vc_row][vc_row][vc_column][vc_empty_space][vc_single_image image=&#8221;12350&#8243; onclick=&#8221;custom_link&#8221; css=&#8221;&#8221; link=&#8221;https:\/\/fidafederation.org\/es\/fida-comite-ejecutivo-2024-2027\/&#8221;][vc_custom_heading text=&#8221;Preeti Shah<br \/>Vicepresidenta Regional (Asia) \u2014 India&#8221; font_container=&#8221;tag:h3|font_size:26|text_align:left|line_height:1.1&#8243; google_fonts=&#8221;font_family:Raleway%3A100%2C200%2C300%2Cregular%2C500%2C600%2C700%2C800%2C900|font_style:400%20regular%3A400%3Anormal&#8221; css=&#8221;&#8221;][vc_column_text css=&#8221;&#8221;]<\/p>\r\n<p>Preeti Shah, I.S.C., B.Sc. y LL.B., es una distinguida profesional jur\u00eddica con m\u00e1s de 40 a\u00f1os de experiencia en el sistema legal indio. Se inscribi\u00f3 como abogada en el Colegio de Abogados de Maharashtra y Goa en 1980, y ha construido una carrera basada en la integridad, el liderazgo y un fuerte compromiso con el avance de las mujeres en la profesi\u00f3n jur\u00eddica. En 1993, fue nombrada notaria del Gran Bombay por el Gobierno de Maharashtra.<\/p>\r\n<p>Es una l\u00edder muy respetada en organizaciones jur\u00eddicas nacionales e internacionales. Preeti Shah ha ocupado varios puestos clave, entre ellos el de secretaria honoraria, vicepresidenta y presidenta en funciones de la Federaci\u00f3n India de Mujeres Abogadas (IFWL). Es miembro fundador de la Federaci\u00f3n de Mujeres Abogadas de Maharashtra (MFWL) y de la Federaci\u00f3n de Mujeres Abogadas de toda la India (AIFWL), donde tambi\u00e9n ocup\u00f3 el cargo de presidenta.<\/p>\r\n<p>Su compromiso a nivel mundial incluye el cargo de miembro y vicepresidenta de la Federaci\u00f3n Internacional de Mujeres Abogadas (FIDA). Tambi\u00e9n es vicepresidenta de la Asociaci\u00f3n de Profesionales del Derecho de la Propiedad Intelectual (IPLPA), lo que refleja su experiencia en campos jur\u00eddicos especializados, en particular el derecho de la propiedad intelectual.<\/p>\r\n<p>Preeti Shah forma parte del panel de mediadores del Tribunal Civil de la ciudad de Bombay, seg\u00fan lo notificado por el Honorable Tribunal Superior de Bombay, en reconocimiento a su experiencia en la resoluci\u00f3n de disputas y su compromiso con una justicia justa y eficaz.<\/p>\r\n<p>Actualmente es vicepresidenta regional (Asia) de FIDA International y reside en la India, donde sigue defendiendo los derechos de las mujeres, el empoderamiento jur\u00eddico y el acceso equitativo a la justicia en toda la regi\u00f3n.<\/p>\r\n<p>[\/vc_column_text][\/vc_column][\/vc_row][vc_row][vc_column][vc_empty_space][vc_single_image image=&#8221;12375&#8243; onclick=&#8221;custom_link&#8221; css=&#8221;&#8221; link=&#8221;https:\/\/fidafederation.org\/es\/fida-comite-ejecutivo-2024-2027\/&#8221;][vc_custom_heading text=&#8221;Chen Wenchi<br \/>Vicepresidente Regional (Asia) \u2014 Taiwan&#8221; font_container=&#8221;tag:h3|font_size:26|text_align:left|line_height:1.1&#8243; google_fonts=&#8221;font_family:Raleway%3A100%2C200%2C300%2Cregular%2C500%2C600%2C700%2C800%2C900|font_style:400%20regular%3A400%3Anormal&#8221; css=&#8221;&#8221;][vc_column_text css=&#8221;&#8221;]<\/p>\r\n<p>La Sra. Chen Wenchi es la vicepresidenta regional (Asia) de FIDA International. Es la antigua presidenta y actual directora ejecutiva de la secci\u00f3n de FIDA ROC (Taiw\u00e1n). Se jubil\u00f3 del cargo de fiscal jefe de la Fiscal\u00eda Superior de Taiw\u00e1n en 2023. Antes de incorporarse a la Fiscal\u00eda Superior de Taiw\u00e1n, ocup\u00f3 el cargo de directora general del Departamento de Asuntos Fiscales del Ministerio de Justicia, donde se encargaba de la elaboraci\u00f3n de pol\u00edticas penales, la revisi\u00f3n de leyes y los asuntos administrativos de los fiscales y los colegios de abogados. Posteriormente, ocup\u00f3 el cargo de directora general del Departamento de Asuntos Jur\u00eddicos Internacionales y del Estrecho, donde se encargaba de las negociaciones internacionales y los asuntos de asistencia jur\u00eddica mutua.<\/p>\r\n<p>[\/vc_column_text][\/vc_column][\/vc_row][vc_row][vc_column][vc_empty_space][vc_single_image image=&#8221;12357&#8243; onclick=&#8221;custom_link&#8221; css=&#8221;&#8221; link=&#8221;https:\/\/fidafederation.org\/es\/fida-comite-ejecutivo-2024-2027\/&#8221;][vc_custom_heading text=&#8221;Kumudini Wickremasinghe<br \/>Vicepresidente Regional (Asia)<br \/>\u2014 Sri Lanka&#8221; font_container=&#8221;tag:h3|font_size:26|text_align:left|line_height:1.1&#8243; google_fonts=&#8221;font_family:Raleway%3A100%2C200%2C300%2Cregular%2C500%2C600%2C700%2C800%2C900|font_style:400%20regular%3A400%3Anormal&#8221; css=&#8221;&#8221;][vc_column_text css=&#8221;&#8221;]<\/p>\r\n<p>Jueza Kumudini Wickremasinghe (M\u00e1ster en Derechos Humanos &#8211; Universidad de Oslo, Noruega es Jueza del Tribunal Supremo de Sri Lanka La jueza Kumudini Wickremasinghe, presidenta del Tribunal Supremo de Sri Lanka, se colegi\u00f3 como abogada en 1986. Comenz\u00f3 su carrera como abogada del Estado en la Fiscal\u00eda General y fue nombrada jueza del Tribunal Superior en 2006. Ha representado a Sri Lanka en cuestiones de derechos humanos e igualdad de g\u00e9nero en pa\u00edses como Colombia, Estados Unidos, Reino Unido, India y Malasia, y ha sido formadora en materia de ciberdelincuencia y lucha contra el tr\u00e1fico de drogas en programas llevados a cabo por Estados Unidos. Es la representante de g\u00e9nero para la regi\u00f3n del Oc\u00e9ano \u00cdndico designada por la Asociaci\u00f3n de Magistrados y Jueces de la Commonwealth. Su trabajo con la FIDA comenz\u00f3 en 2005, cuando represent\u00f3 a Sri Lanka a nivel internacional, entre otras cosas como presidenta de la Asociaci\u00f3n de Mujeres Abogadas en la Asamblea General Anual de la FIDA en Malasia. Es una invitada principal, ponente, panelista y presentadora habitual en conferencias jur\u00eddicas nacionales e internacionales, en las que aborda temas como la inteligencia artificial, la ciberdelincuencia, la violencia de g\u00e9nero y los derechos del ni\u00f1o. En marzo de 2025, fund\u00f3 la Asociaci\u00f3n de Mujeres Jueces de Sri Lanka y asumi\u00f3 el cargo de presidenta.<\/p>\r\n<p>[\/vc_column_text][\/vc_column][\/vc_row][vc_row][vc_column][vc_empty_space][vc_single_image image=&#8221;12353&#8243; onclick=&#8221;custom_link&#8221; css=&#8221;&#8221; link=&#8221;https:\/\/fidafederation.org\/es\/fida-comite-ejecutivo-2024-2027\/&#8221;][vc_custom_heading text=&#8221;Nomaswazi Shabangu-Mndawe<br \/>Vicepresidenta Regional (\u00c1frica)<br \/>\u2014 Sur \u00c1frica&#8221; font_container=&#8221;tag:h3|font_size:26|text_align:left|line_height:1.1&#8243; google_fonts=&#8221;font_family:Raleway%3A100%2C200%2C300%2Cregular%2C500%2C600%2C700%2C800%2C900|font_style:400%20regular%3A400%3Anormal&#8221; css=&#8221;&#8221;][vc_column_text css=&#8221;&#8221;]<\/p>\r\n<p>Nomaswazi Shabangu es abogada admitida en el Tribunal Superior de Sud\u00e1frica desde 2002, mediadora y \u00e1rbitro cualificada, y directora \u00fanica de Nomaswazi Shabangu Attorneys, especializada en derecho de familia, cuestiones de g\u00e9nero y litigios. Ha desempe\u00f1ado importantes funciones de liderazgo en la profesi\u00f3n jur\u00eddica, entre ellas la de presidenta del Comit\u00e9 de Derecho de Familia del Colegio de Abogados de Sud\u00e1frica, miembro del Consejo de la Pr\u00e1ctica Jur\u00eddica y comisionada de la Comisi\u00f3n de Servicios Judiciales, donde contribuye al nombramiento de jueces en todo el pa\u00eds.<\/p>\r\n<p>Su carrera judicial incluye el cargo de magistrada en funciones del Tribunal Regional de Mpumalanga, donde se convirti\u00f3 en la primera mujer negra magistrada de la divisi\u00f3n, y m\u00e1s tarde el de jueza en funciones del Tribunal Superior, Divisi\u00f3n de Mpumalanga (2020-2021). Tambi\u00e9n presidi\u00f3 el Tribunal del Consumidor de Mpumalanga y desempe\u00f1\u00f3 funciones de gobierno, como la de presidenta de la Autoridad de Recursos Patrimoniales de Mpumalanga y vicepresidenta de la Agencia de Turismo y Parques de Mpumalanga.<\/p>\r\n<p>Shabangu es una firme defensora de la transformaci\u00f3n del poder judicial y la profesi\u00f3n jur\u00eddica. Es presidenta de la Asociaci\u00f3n de Mujeres Abogadas de Sud\u00e1frica y vicepresidenta regional de la FIDA (\u00c1frica), donde promueve la igualdad de oportunidades para las mujeres en el \u00e1mbito jur\u00eddico. Ha realizado presentaciones en plataformas internacionales, incluida la ONU en Ginebra, donde destac\u00f3 las perspectivas africanas sobre las mujeres y la vida familiar.<\/p>\r\n<p>[\/vc_column_text][\/vc_column][\/vc_row][vc_row][vc_column][vc_empty_space][vc_single_image image=&#8221;12354&#8243; onclick=&#8221;custom_link&#8221; css=&#8221;&#8221; link=&#8221;https:\/\/fidafederation.org\/es\/fida-comite-ejecutivo-2024-2027\/&#8221;][vc_custom_heading text=&#8221;Afua Eyeson Laoye<br \/>Vicepresidenta Regional (\u00c1frica) \u2014 Ghana&#8221; font_container=&#8221;tag:h3|font_size:26|text_align:left|line_height:1.1&#8243; google_fonts=&#8221;font_family:Raleway%3A100%2C200%2C300%2Cregular%2C500%2C600%2C700%2C800%2C900|font_style:400%20regular%3A400%3Anormal&#8221; css=&#8221;&#8221;][vc_column_text css=&#8221;&#8221;]<\/p>\r\n<p>Afua es abogada privada, profesional en desarrollo de capacidades, experta en protecci\u00f3n digital y explotaci\u00f3n sexual en l\u00ednea, y defensora de los derechos de las mujeres. Su trabajo abarca m\u00e1s de 20 a\u00f1os, durante los cuales ha influido en leyes nacionales e instrumentos internacionales a trav\u00e9s de su labor de defensa en la FIDA. Afua fue profesora en la Facultad de Derecho de Ghana y miembro de la Junta Nacional de Gesti\u00f3n de la Violencia Dom\u00e9stica y otras juntas. Es miembro de la UN-Singapore Cyber Fellowship, antigua alumna de la Facultad de Derecho de la Universidad de Georgia (EE. UU.), la Facultad de Derecho de Ghana y la Universidad de Ghana, y tiene un m\u00e1ster en Derecho Mercantil Internacional y una certificaci\u00f3n en Ciberseguridad.<\/p>\r\n<p>[\/vc_column_text][\/vc_column][\/vc_row][vc_row][vc_column][vc_empty_space][vc_single_image image=&#8221;11837&#8243; onclick=&#8221;custom_link&#8221; css=&#8221;&#8221; link=&#8221;https:\/\/fidafederation.org\/es\/fida-comite-ejecutivo-2024-2027\/&#8221;][vc_custom_heading text=&#8221;Carmen Meza Ingar<br \/>Vicepresidenta Regional (Sur Am\u00e9rica) \u2014 Per\u00fa&#8221; font_container=&#8221;tag:h3|font_size:26|text_align:left|line_height:1.1&#8243; google_fonts=&#8221;font_family:Raleway%3A100%2C200%2C300%2Cregular%2C500%2C600%2C700%2C800%2C900|font_style:400%20regular%3A400%3Anormal&#8221; css=&#8221;&#8221;][vc_column_text css=&#8221;&#8221;]<\/p>\r\n<p>Carmen Meza Ingar es abogada, doctora en Derecho y profesora universitaria en la Universidad Nacional Mayor de San Marcos. Ha sido galardonada en cinco ocasiones con el Premio al M\u00e9rito Cient\u00edfico por sus investigaciones jur\u00eddicas. Es autora de catorce libros, uno de los cuales, publicado en 2007 por el Congreso de la Rep\u00fablica del Per\u00fa, trata sobre la historia de las mujeres desde el siglo XIV.<\/p>\r\n<p>Como consultora de la Comisi\u00f3n de Derechos de la Mujer de las Naciones Unidas, trabaj\u00f3 en la aplicaci\u00f3n de la Convenci\u00f3n de 1979 y particip\u00f3 en las Conferencias Mundiales de las Naciones Unidas sobre la Mujer celebradas en Nairobi (Kenia) y Pek\u00edn (China).<\/p>\r\n<p>Ha visitado los cinco continentes, asistiendo a conferencias organizadas por el FIDA, la ONU, la UIA y diversas universidades. Adem\u00e1s, ha sido invitada por los gobiernos de Jap\u00f3n, Alemania, Israel y Corea del Sur. Durante sus a\u00f1os de estudiante, recibi\u00f3 una invitaci\u00f3n del presidente Kennedy para visitar 20 universidades de Estados Unidos.<\/p>\r\n<p>[\/vc_column_text][\/vc_column][\/vc_row][vc_row][vc_column][vc_empty_space][vc_single_image image=&#8221;12355&#8243; onclick=&#8221;custom_link&#8221; css=&#8221;&#8221; link=&#8221;https:\/\/fidafederation.org\/es\/fida-comite-ejecutivo-2024-2027\/&#8221;][vc_custom_heading text=&#8221;Beryinetd Grisales<br \/>Vicepresidente Regional (Sur Am\u00e9rica) \u2014 Colombia&#8221; font_container=&#8221;tag:h3|font_size:26|text_align:left|line_height:1.1&#8243; google_fonts=&#8221;font_family:Raleway%3A100%2C200%2C300%2Cregular%2C500%2C600%2C700%2C800%2C900|font_style:400%20regular%3A400%3Anormal&#8221; css=&#8221;&#8221;][vc_column_text css=&#8221;&#8221;]<\/p>\r\n<p>Beryinetd Grisales Astaiza es una abogada colombiana y conciliadora acreditada de Cali, Valle del Cauca. Es licenciada en Derecho por la Universidad Libre de Cali, con especializaciones en Derecho de Familia por la Universidad San Buenaventura en colaboraci\u00f3n con la Universidad del Rosario, y en Derecho Notarial y Registral. \u00c1rbitro institucional con amplia experiencia en resoluci\u00f3n de conflictos, actualmente es directora del Centro de Conciliaci\u00f3n y Arbitraje FUNDACARH, secretaria general de la Federaci\u00f3n de Centros de Conciliaci\u00f3n (FEDECENTROS) y vicepresidenta regional para Am\u00e9rica del Sur de FIDA Internacional.<\/p>\r\n<p>[\/vc_column_text][\/vc_column][\/vc_row][vc_row][vc_column][vc_empty_space][vc_single_image image=&#8221;12376&#8243; onclick=&#8221;custom_link&#8221; css=&#8221;&#8221; link=&#8221;https:\/\/fidafederation.org\/es\/fida-comite-ejecutivo-2024-2027\/&#8221;][vc_custom_heading text=&#8221;\u00c1ngela Dolmetsch<br \/>Presidenta Honoraria vitalicia \u2014 Colombia&#8221; font_container=&#8221;tag:h3|font_size:26|text_align:left|line_height:1.1&#8243; google_fonts=&#8221;font_family:Raleway%3A100%2C200%2C300%2Cregular%2C500%2C600%2C700%2C800%2C900|font_style:400%20regular%3A400%3Anormal&#8221; css=&#8221;&#8221;][vc_column_text css=&#8221;&#8221;]<\/p>\r\n<p>Abogada, presidenta honoraria vitalicia de la Federaci\u00f3n Internacional de Mujeres Abogadas. Madre de la ley colombiana de cuotas de g\u00e9nero. Columnista de El Pa\u00eds, Cali, Colombia. Presentadora del programa semanal de televisi\u00f3n El \u00c1gora, Charlas con \u00c1ngela en Telepac\u00edfico. Fundadora de la ecoaldea matriarcal Nashira y autora de varios libros, entre ellos \u00c9tica del cuidado y maternalismo hacia una ginocracia colombiana. Cofundadora del movimiento global MATRIARCHY NOW.<\/p>\r\n<p>[\/vc_column_text][\/vc_column][\/vc_row][vc_row][vc_column][vc_column_text]<!-- \/wp:shortcode -->[\/vc_column_text][\/vc_column][\/vc_row]<\/p><\/div>","protected":false},"excerpt":{"rendered":"<p>[vc_row][vc_column][vc_column_text][\/vc_column_text][\/vc_column][\/vc_row][vc_row][vc_column][vc_empty_space][vc_single_image image=&#8221;12335&#8243; onclick=&#8221;custom_link&#8221; css=&#8221;&#8221; link=&#8221;https:\/\/fidafederation.org\/es\/fida-comite-ejecutivo-2024-2027\/&#8221;][vc_custom_heading text=&#8221;Inimefien Ifeyinwa AgumaTesorera \u2014 Nigeria&#8221; font_container=&#8221;tag:h3|font_size:26|text_align:left|line_height:1.1&#8243; google_fonts=&#8221;font_family:Raleway%3A100%2C200%2C300%2Cregular%2C500%2C600%2C700%2C800%2C900|font_style:400%20regular%3A400%3Anormal&#8221; css=&#8221;&#8221;][vc_column_text css=&#8221;&#8221;] Inime Chinwenwo Aguma es abogada y socia principal de Aguma &amp; Co, Legal Practitioners, Emmanuel Chinwenwo Aguma SAN Chambers. Fue admitida en el Colegio de Abogados de Nigeria en 1990 y comenz\u00f3 su carrera jur\u00eddica tras completar su Servicio Nacional Juvenil [&hellip;]<\/p>\n","protected":false},"author":1,"featured_media":0,"parent":0,"menu_order":0,"comment_status":"closed","ping_status":"closed","template":"","meta":{"footnotes":""},"class_list":["post-12365","page","type-page","status-publish","hentry"],"_links":{"self":[{"href":"https:\/\/fidafederation.org\/es\/wp-json\/wp\/v2\/pages\/12365","targetHints":{"allow":["GET"]}}],"collection":[{"href":"https:\/\/fidafederation.org\/es\/wp-json\/wp\/v2\/pages"}],"about":[{"href":"https:\/\/fidafederation.org\/es\/wp-json\/wp\/v2\/types\/page"}],"author":[{"embeddable":true,"href":"https:\/\/fidafederation.org\/es\/wp-json\/wp\/v2\/users\/1"}],"replies":[{"embeddable":true,"href":"https:\/\/fidafederation.org\/es\/wp-json\/wp\/v2\/comments?post=12365"}],"version-history":[{"count":11,"href":"https:\/\/fidafederation.org\/es\/wp-json\/wp\/v2\/pages\/12365\/revisions"}],"predecessor-version":[{"id":12379,"href":"https:\/\/fidafederation.org\/es\/wp-json\/wp\/v2\/pages\/12365\/revisions\/12379"}],"wp:attachment":[{"href":"https:\/\/fidafederation.org\/es\/wp-json\/wp\/v2\/media?parent=12365"}],"curies":[{"name":"wp","href":"https:\/\/api.w.org\/{rel}","templated":true}]}}